{"id":22502,"date":"2024-01-12T09:46:22","date_gmt":"2024-01-12T08:46:22","guid":{"rendered":"https:\/\/www.parexstudy.it\/?post_type=product&#038;p=22502"},"modified":"2025-03-12T11:13:14","modified_gmt":"2025-03-12T10:13:14","slug":"instituto-europeo-di-design-milan","status":"publish","type":"product","link":"https:\/\/www.parexstudy.it\/tr\/enstitu\/instituto-europeo-di-design-milan\/","title":{"rendered":"Instituto Europeo di Design, Milano"},"content":{"rendered":"<p>[et_pb_section fb_built=&#8221;1&#8243; fullwidth=&#8221;on&#8221; _builder_version=&#8221;4.23.1&#8243; _module_preset=&#8221;default&#8221; background_enable_color=&#8221;off&#8221; background_image=&#8221;https:\/\/www.parexstudy.it\/wp-content\/uploads\/2024\/01\/museo-del-design-italiano_img-__alessandro-saletta-e-delfino-sisto-legnani-dsl-studio_07a5474-_75d14da2c6b86f347c397be3699f2c82.jpg&#8221; locked=&#8221;off&#8221; global_colors_info=&#8221;{}&#8221;][et_pb_fullwidth_header title=&#8221;Instituto Europeo di Design&#8221; text_orientation=&#8221;center&#8221; background_overlay_color=&#8221;rgba(0,0,0,0.26)&#8221; _builder_version=&#8221;4.23.1&#8243; _module_preset=&#8221;default&#8221; title_font=&#8221;Nunito Sans|900|||||||&#8221; title_text_align=&#8221;center&#8221; title_text_color=&#8221;#FFFFFF&#8221; title_font_size=&#8221;65px&#8221; content_font=&#8221;Nunito Sans|900|||||||&#8221; content_text_color=&#8221;#000000&#8243; content_font_size=&#8221;39px&#8221; background_enable_color=&#8221;off&#8221; background_enable_image=&#8221;off&#8221; background_size=&#8221;contain&#8221; background_position=&#8221;bottom_right&#8221; custom_button_one=&#8221;on&#8221; button_one_text_size=&#8221;14px&#8221; button_one_text_color=&#8221;#FFFFFF&#8221; button_one_bg_color=&#8221;#62baea&#8221; button_one_border_width=&#8221;0px&#8221; button_one_border_color=&#8221;RGBA(255,255,255,0)&#8221; button_one_border_radius=&#8221;0px&#8221; button_one_font=&#8221;Nunito Sans|900||on|||||&#8221; button_one_custom_padding=&#8221;16px|32px|16px|32px|false|false&#8221; custom_button_two=&#8221;on&#8221; button_two_text_size=&#8221;14px&#8221; button_two_text_color=&#8221;#FFFFFF&#8221; button_two_bg_color=&#8221;#62baea&#8221; button_two_border_width=&#8221;0px&#8221; button_two_border_color=&#8221;RGBA(255,255,255,0)&#8221; button_two_border_radius=&#8221;0px&#8221; button_two_font=&#8221;Nunito Sans|900||on|||||&#8221; button_two_custom_padding=&#8221;16px|32px|16px|32px|false|false&#8221; width=&#8221;100%&#8221; module_alignment=&#8221;center&#8221; custom_padding=&#8221;85px||85px||true|false&#8221; title_text_align_tablet=&#8221;left&#8221; title_text_align_phone=&#8221;left&#8221; title_text_align_last_edited=&#8221;on|desktop&#8221; title_font_size_tablet=&#8221;55px&#8221; title_font_size_phone=&#8221;45px&#8221; title_font_size_last_edited=&#8221;on|tablet&#8221; button_two_text_size_tablet=&#8221;14px&#8221; button_two_text_size_phone=&#8221;14px&#8221; button_two_text_size_last_edited=&#8221;on|desktop&#8221; title_text_shadow_style=&#8221;preset1&#8243; global_colors_info=&#8221;{}&#8221;][\/et_pb_fullwidth_header][\/et_pb_section][et_pb_section fb_built=&#8221;1&#8243; _builder_version=&#8221;4.23.1&#8243; custom_padding=&#8221;||||false|false&#8221; global_colors_info=&#8221;{}&#8221;][et_pb_row column_structure=&#8221;2_5,3_5&#8243; use_custom_gutter=&#8221;on&#8221; gutter_width=&#8221;1&#8243; make_equal=&#8221;on&#8221; module_id=&#8221;2&#8243; _builder_version=&#8221;4.23.1&#8243; _module_preset=&#8221;default&#8221; background_color=&#8221;#FFFFFF&#8221; width=&#8221;100%&#8221; custom_padding=&#8221;||||false|false&#8221; locked=&#8221;off&#8221; global_colors_info=&#8221;{}&#8221;][et_pb_column type=&#8221;2_5&#8243; _builder_version=&#8221;4.18.0&#8243; _module_preset=&#8221;default&#8221; background_color=&#8221;#FFFFFF&#8221; custom_padding=&#8221;60px|60px|60px|60px|true|true&#8221; custom_padding_tablet=&#8221;30px|30px|30px|30px|true|true&#8221; custom_padding_phone=&#8221;20px|20px|20px|20px|true|true&#8221; custom_padding_last_edited=&#8221;on|phone&#8221; box_shadow_style=&#8221;preset1&#8243; box_shadow_horizontal=&#8221;8px&#8221; box_shadow_vertical=&#8221;14px&#8221; box_shadow_blur=&#8221;80px&#8221; box_shadow_color=&#8221;rgba(24,4,58,0.1)&#8221; global_colors_info=&#8221;{%22gcid-acbd5969-9d5f-4bea-a694-e0e16adbbd29%22:%91%22button_text_color%22%93,%22gcid-4d171f29-f5cf-4a1b-99b0-2dc43983beb9%22:%91%22border_color_all%22,%22border_color_all%22%93,%22gcid-e850ad88-05af-4ed0-bc88-7082de258f33%22:%91%22button_bg_color%22%93}&#8221;][et_pb_text _builder_version=&#8221;4.23.1&#8243; _module_preset=&#8221;b327cbe4-b1d5-4b66-ad37-40c8f2f061ba&#8221; header_2_font=&#8221;Nunito Sans|900|||||||&#8221; header_2_font_size=&#8221;64px&#8221; header_2_line_height=&#8221;1.2em&#8221; header_3_font_size=&#8221;32px&#8221; custom_margin=&#8221;||10px||false|false&#8221; header_2_font_size_tablet=&#8221;32px&#8221; header_2_font_size_phone=&#8221;20px&#8221; header_2_font_size_last_edited=&#8221;on|desktop&#8221; global_colors_info=&#8221;{}&#8221;]<\/p>\n<h3 style=\"text-align: left;\"><strong>Instituto Europeo di Design, Milano<br \/>\n<\/strong><\/h3>\n<p>[\/et_pb_text][et_pb_divider divider_weight=&#8221;4px&#8221; _builder_version=&#8221;4.23.1&#8243; _module_preset=&#8221;default&#8221; width=&#8221;100px&#8221; locked=&#8221;off&#8221; global_colors_info=&#8221;{}&#8221;][\/et_pb_divider][et_pb_gallery gallery_ids=&#8221;22522&#8243; fullwidth=&#8221;on&#8221; _builder_version=&#8221;4.23.1&#8243; _module_preset=&#8221;default&#8221; background_layout=&#8221;dark&#8221; auto=&#8221;on&#8221; global_colors_info=&#8221;{}&#8221;][\/et_pb_gallery][et_pb_wc_description _builder_version=&#8221;4.23.1&#8243; _module_preset=&#8221;default&#8221; body_text_color=&#8221;#62baea&#8221; custom_padding=&#8221;30px|||||&#8221; global_colors_info=&#8221;{}&#8221;][\/et_pb_wc_description][\/et_pb_column][et_pb_column type=&#8221;3_5&#8243; _builder_version=&#8221;4.18.0&#8243; _module_preset=&#8221;default&#8221; background_color=&#8221;#FFFFFF&#8221; custom_padding=&#8221;60px|60px|60px|60px|true|true&#8221; custom_padding_tablet=&#8221;30px|30px|30px|30px|true|true&#8221; custom_padding_phone=&#8221;20px|20px|20px|20px|true|true&#8221; custom_padding_last_edited=&#8221;on|phone&#8221; box_shadow_style=&#8221;preset1&#8243; box_shadow_horizontal=&#8221;8px&#8221; box_shadow_vertical=&#8221;14px&#8221; box_shadow_blur=&#8221;80px&#8221; box_shadow_color=&#8221;rgba(24,4,58,0.1)&#8221; global_colors_info=&#8221;{%22gcid-acbd5969-9d5f-4bea-a694-e0e16adbbd29%22:%91%22button_text_color%22%93,%22gcid-4d171f29-f5cf-4a1b-99b0-2dc43983beb9%22:%91%22border_color_all%22,%22border_color_all%22%93,%22gcid-e850ad88-05af-4ed0-bc88-7082de258f33%22:%91%22button_bg_color%22%93}&#8221;][et_pb_tabs active_tab_background_color=&#8221;#ee7203&#8243; active_tab_text_color=&#8221;#FFFFFF&#8221; _builder_version=&#8221;4.27.3&#8243; _module_preset=&#8221;default&#8221; body_font_size=&#8221;16px&#8221; tab_font=&#8221;|700|||||||&#8221; tab_font_size=&#8221;16px&#8221; locked=&#8221;off&#8221; global_colors_info=&#8221;{}&#8221;][et_pb_tab title=&#8221;Academy&#8221; _builder_version=&#8221;4.27.3&#8243; _module_preset=&#8221;default&#8221; global_colors_info=&#8221;{}&#8221;]<\/p>\n<p>Genellikle IED olarak bilinen Instituto Europeo di Design, Avrupa ve G\u00fcney Amerika'n\u0131n \u00e7e\u015fitli \u015fehirlerinde kamp\u00fcsleri bulunan \u00f6zel bir tasar\u0131m okuludur. Francesco Morelli taraf\u0131ndan 1966 y\u0131l\u0131nda \u0130talya'n\u0131n Milano kentinde kurulmu\u015f ve o zamandan bu yana Barselona, Madrid, Torino, Floransa, Roma ve S\u00e3o Paulo'daki lokasyonlar\u0131n\u0131 da kapsayacak \u015fekilde varl\u0131\u011f\u0131n\u0131 geni\u015fletmi\u015ftir.<\/p>\n<p>IED tasar\u0131m, moda, g\u00f6rsel sanatlar, ileti\u015fim ve y\u00f6netim alanlar\u0131nda bir dizi lisans ve lisans\u00fcst\u00fc program sunmaktad\u0131r. Kurum, pratik, uygulamal\u0131 \u00f6\u011frenmeye odaklanmas\u0131 ve \u00f6\u011frencileri aras\u0131nda yarat\u0131c\u0131l\u0131\u011f\u0131 ve yenili\u011fi te\u015fvik etme konusundaki kararl\u0131l\u0131\u011f\u0131yla tan\u0131nmaktad\u0131r.<\/p>\n<p>IED'deki programlar end\u00fcstriyel tasar\u0131m, i\u00e7 tasar\u0131m, grafik tasar\u0131m, moda tasar\u0131m\u0131, dijital ileti\u015fim ve daha fazlas\u0131 dahil olmak \u00fczere \u00e7e\u015fitli tasar\u0131m disiplinlerini kapsamaktad\u0131r. M\u00fcfredat genellikle teorik bilgileri pratik projeler ve stajlarla birle\u015ftirerek \u00f6\u011frencilere se\u00e7tikleri alan hakk\u0131nda kapsaml\u0131 bir anlay\u0131\u015f sa\u011flar.<\/p>\n<p>IED'nin g\u00fc\u00e7l\u00fc y\u00f6nlerinden biri, \u00f6\u011frencileri farkl\u0131 k\u00fclt\u00fcrler ve bak\u0131\u015f a\u00e7\u0131lar\u0131yla etkile\u015fime girmeye te\u015fvik eden uluslararas\u0131 yakla\u015f\u0131m\u0131d\u0131r. Okul, \u00f6\u011frencilere ger\u00e7ek d\u00fcnya deneyimi ve a\u011f kurma f\u0131rsatlar\u0131 sunmak i\u00e7in genellikle end\u00fcstri profesyonelleri, tasar\u0131m st\u00fcdyolar\u0131 ve \u015firketlerle i\u015fbirli\u011fi yapmaktad\u0131r. Ayr\u0131ca, IED d\u00fcnya \u00e7ap\u0131nda \u00e7e\u015fitli \u00fcniversiteler ve kurumlarla ortakl\u0131klar kurarak k\u00fcresel eri\u015fimini daha da art\u0131rm\u0131\u015ft\u0131r.<\/p>\n<p>Milano kamp\u00fcs\u00fc \u015fehrin kalbinde yer almakta ve \u00f6\u011frencilere tasar\u0131m ve moda end\u00fcstrilerine yak\u0131nl\u0131k sa\u011flamaktad\u0131r. Di\u011fer IED kamp\u00fcsleri gibi Milano kamp\u00fcs\u00fc de uluslararas\u0131 bir ortam\u0131 te\u015fvik etmektedir. D\u00fcnyan\u0131n d\u00f6rt bir yan\u0131ndan \u00f6\u011frencilerin ilgisini \u00e7ekmekte, \u00e7e\u015fitlilik ve k\u00fclt\u00fcrel a\u00e7\u0131dan zengin bir atmosfer yaratmaktad\u0131r.<\/p>\n<p>Milano, Milano Tasar\u0131m Haftas\u0131 gibi \u00f6nemli tasar\u0131m etkinliklerine ve sergilerine ev sahipli\u011fi yapmas\u0131yla tan\u0131n\u0131r. IED \u00f6\u011frencileri bu etkinliklere s\u0131k s\u0131k kat\u0131larak \u00e7al\u0131\u015fmalar\u0131n\u0131 sergilemekte ve k\u00fcresel tasar\u0131m camias\u0131na a\u00e7\u0131lmaktad\u0131r.<\/p>\n<p>[\/et_pb_tab][et_pb_tab title=&#8221;Courses&#8221; _builder_version=&#8221;4.27.3&#8243; _module_preset=&#8221;default&#8221; global_colors_info=&#8221;{}&#8221;]<\/p>\n<div class=\"responsive-tabs\">\n<h2 class=\"tabtitle\">Lisans<\/h2>\n<div class=\"tabcontent\">\n\n<ul>\n<li>\u0130\u00e7 tasar\u0131m<\/li>\n<li>Tak\u0131 tasar\u0131m\u0131<\/li>\n<li>Moda pazarlamas\u0131<\/li>\n<li>Moda tasar\u0131m\u0131<\/li>\n<li>Foto\u011fraf\u00e7\u0131l\u0131k<\/li>\n<li>\u00dcr\u00fcn tasar\u0131m\u0131<\/li>\n<li>\u0130leti\u015fim tasar\u0131m\u0131<\/li>\n<li>Moda stilisti<\/li>\n<\/ul>\n\n<\/div><h2 class=\"tabtitle\">Y\u00fcksek Lisans<\/h2>\n<div class=\"tabcontent\">\n\n<ul>\n<li>\u0130\u00e7 tasar\u0131m<\/li>\n<li>Moda pazarlamas\u0131<\/li>\n<li>Moda tasar\u0131m\u0131<\/li>\n<li>Moda sanat y\u00f6netmenli\u011fi<\/li>\n<li>\u00dcr\u00fcn tasar\u0131m\u0131<\/li>\n<li>\u0130leti\u015fim tasar\u0131m\u0131<\/li>\n<li>Moda stilisti<\/li>\n<\/ul>\n<ul><\/ul>\n<p>\n<\/div><h2 class=\"tabtitle\">Y\u00f6netici Kurslar\u0131<\/h2>\n<div class=\"tabcontent\">\n<span id=\"informazioni-corso_corso\"><\/span><\/p>\n<ul>\n<li>Moda pazarlamas\u0131<\/li>\n<li>\u0130\u00e7 mekan ve showroom tasar\u0131m\u0131<\/li>\n<li>G\u00fczellik end\u00fcstrisinin vazge\u00e7ilmezi<\/li>\n<\/ul>\n<ul><\/ul>\n<\/div><\/div>\n<p>[\/et_pb_tab][et_pb_tab title=&#8221;Scholarships&#8221; _builder_version=&#8221;4.27.3&#8243; _module_preset=&#8221;default&#8221; global_colors_info=&#8221;{}&#8221;]<\/p>\n<div class=\"responsive-tabs\">\n<h2 class=\"tabtitle\">B\u00f6lgesel Burslar<\/h2>\n<div class=\"tabcontent\">\n\n<ul>\n<li>\u0130talya'daki \u00f6zel \u00fcniversiteler, liyakat, ihtiya\u00e7, \u00f6zel fonlar\u0131n mevcudiyeti ve sponsorlara dayal\u0131 bir mali yard\u0131m sistemi arac\u0131l\u0131\u011f\u0131yla t\u00fcm motive ve yetenekli \u00f6\u011frencilere y\u00fcksek \u00f6\u011frenim imkan\u0131 sunmaya isteklidir.<\/li>\n<\/ul>\n<\/div><\/div>\n<p>[\/et_pb_tab][\/et_pb_tabs][\/et_pb_column][\/et_pb_row][et_pb_row column_structure=&#8221;2_5,3_5&#8243; use_custom_gutter=&#8221;on&#8221; gutter_width=&#8221;1&#8243; make_equal=&#8221;on&#8221; module_id=&#8221;1&#8243; _builder_version=&#8221;4.23.1&#8243; _module_preset=&#8221;default&#8221; background_color=&#8221;#FFFFFF&#8221; width=&#8221;100%&#8221; custom_padding=&#8221;||||false|false&#8221; locked=&#8221;off&#8221; global_colors_info=&#8221;{}&#8221;][et_pb_column type=&#8221;2_5&#8243; _builder_version=&#8221;4.18.0&#8243; _module_preset=&#8221;default&#8221; background_color=&#8221;#FFFFFF&#8221; custom_padding=&#8221;60px|60px|60px|60px|true|true&#8221; custom_padding_tablet=&#8221;30px|30px|30px|30px|true|true&#8221; custom_padding_phone=&#8221;20px|20px|20px|20px|true|true&#8221; custom_padding_last_edited=&#8221;on|phone&#8221; box_shadow_style=&#8221;preset1&#8243; box_shadow_horizontal=&#8221;8px&#8221; box_shadow_vertical=&#8221;14px&#8221; box_shadow_blur=&#8221;80px&#8221; box_shadow_color=&#8221;rgba(24,4,58,0.1)&#8221; global_colors_info=&#8221;{%22gcid-acbd5969-9d5f-4bea-a694-e0e16adbbd29%22:%91%22button_text_color%22%93,%22gcid-4d171f29-f5cf-4a1b-99b0-2dc43983beb9%22:%91%22border_color_all%22,%22border_color_all%22%93,%22gcid-e850ad88-05af-4ed0-bc88-7082de258f33%22:%91%22button_bg_color%22%93}&#8221;][et_pb_text _builder_version=&#8221;4.23.1&#8243; _module_preset=&#8221;b327cbe4-b1d5-4b66-ad37-40c8f2f061ba&#8221; header_2_font=&#8221;Nunito Sans|900|||||||&#8221; header_2_font_size=&#8221;64px&#8221; header_2_line_height=&#8221;1.2em&#8221; header_3_font_size=&#8221;32px&#8221; custom_margin=&#8221;||10px||false|false&#8221; header_2_font_size_tablet=&#8221;32px&#8221; header_2_font_size_phone=&#8221;20px&#8221; header_2_font_size_last_edited=&#8221;on|desktop&#8221; global_colors_info=&#8221;{}&#8221;]<\/p>\n<h3 style=\"text-align: left;\"><strong>Milano'da Ya\u015fam<br \/>\n<\/strong><\/h3>\n<p>[\/et_pb_text][et_pb_divider divider_weight=&#8221;4px&#8221; _builder_version=&#8221;4.23.1&#8243; _module_preset=&#8221;default&#8221; width=&#8221;100px&#8221; locked=&#8221;off&#8221; global_colors_info=&#8221;{}&#8221;][\/et_pb_divider][et_pb_gallery gallery_ids=&#8221;21995&#8243; fullwidth=&#8221;on&#8221; _builder_version=&#8221;4.23.1&#8243; _module_preset=&#8221;default&#8221; background_layout=&#8221;dark&#8221; auto=&#8221;on&#8221; global_colors_info=&#8221;{}&#8221;][\/et_pb_gallery][\/et_pb_column][et_pb_column type=&#8221;3_5&#8243; _builder_version=&#8221;4.18.0&#8243; _module_preset=&#8221;default&#8221; background_color=&#8221;#FFFFFF&#8221; custom_padding=&#8221;60px|60px|60px|60px|true|true&#8221; custom_padding_tablet=&#8221;30px|30px|30px|30px|true|true&#8221; custom_padding_phone=&#8221;20px|20px|20px|20px|true|true&#8221; custom_padding_last_edited=&#8221;on|phone&#8221; box_shadow_style=&#8221;preset1&#8243; box_shadow_horizontal=&#8221;8px&#8221; box_shadow_vertical=&#8221;14px&#8221; box_shadow_blur=&#8221;80px&#8221; box_shadow_color=&#8221;rgba(24,4,58,0.1)&#8221; global_colors_info=&#8221;{%22gcid-acbd5969-9d5f-4bea-a694-e0e16adbbd29%22:%91%22button_text_color%22%93,%22gcid-4d171f29-f5cf-4a1b-99b0-2dc43983beb9%22:%91%22border_color_all%22,%22border_color_all%22%93,%22gcid-e850ad88-05af-4ed0-bc88-7082de258f33%22:%91%22button_bg_color%22%93}&#8221;][et_pb_text _builder_version=&#8221;4.23.1&#8243; _module_preset=&#8221;1f09816e-184e-4ce5-a4cf-b39c52c423ca&#8221; text_font=&#8221;PT Sans||||||||&#8221; text_font_size=&#8221;16px&#8221; text_line_height=&#8221;1.4em&#8221; custom_margin=&#8221;24px||||false|false&#8221; custom_margin_tablet=&#8221;|||0px|false|false&#8221; custom_margin_phone=&#8221;|||0px|false|false&#8221; custom_margin_last_edited=&#8221;on|tablet&#8221; text_font_size_tablet=&#8221;15px&#8221; text_font_size_phone=&#8221;14px&#8221; text_font_size_last_edited=&#8221;on|phone&#8221; header_font_size_tablet=&#8221;55px&#8221; header_font_size_last_edited=&#8221;off|desktop&#8221; global_colors_info=&#8221;{}&#8221;]Milan, Italy&#8217;s fashion and design capital, is a bustling metropolis with a rich history and a vibrant cultural scene. Whether you&#8217;re interested in art, architecture, shopping, or cuisine, Milan offers a wide range of attractions and activities. Here are some things to do and see in Milan:<\/p>\n<ol>\n<li><strong> Duomo di Milano (Milano Katedrali):<\/strong> Ziyaretinize d\u00fcnyan\u0131n en b\u00fcy\u00fcklerinden biri olan bu muhte\u015fem Gotik katedralde ba\u015flay\u0131n. \u015eehrin panoramik manzaras\u0131n\u0131 g\u00f6rmek i\u00e7in \u00e7at\u0131 kat\u0131na \u00e7\u0131kabilirsiniz.<\/li>\n<li><strong> Galleria Vittorio Emanuele II:<\/strong> Duomo'nun biti\u015fi\u011findeki bu zarif al\u0131\u015fveri\u015f pasaj\u0131, \u00e7arp\u0131c\u0131 cam \u00e7at\u0131s\u0131, l\u00fcks butikleri, kafeleri ve restoranlar\u0131yla tan\u0131nmaktad\u0131r.<\/li>\n<li><strong> Son Ak\u015fam Yeme\u011fi (Cenacolo Vinciano):<\/strong> Santa Maria delle Grazie Manast\u0131r\u0131'nda bulunan Leonardo da Vinci'nin ikonik duvar resmi Son Ak\u015fam Yeme\u011fi'ni g\u00f6rmek i\u00e7in \u00f6nceden bilet ay\u0131rt\u0131n.<\/li>\n<li><strong> Castello Sforzesco: <\/strong>Sanat koleksiyonlar\u0131na, tarihi eserlere ve g\u00fczel bah\u00e7elere ev sahipli\u011fi yapan m\u00fczeye d\u00f6n\u00fc\u015ft\u00fcr\u00fclm\u00fc\u015f bu tarihi kaleyi ke\u015ffedin. Michelangelo'nun bitmemi\u015f heykeli Rondanini Piet\u00e0'y\u0131 ka\u00e7\u0131rmay\u0131n.<\/li>\n<li><strong> Brera B\u00f6lgesi:<\/strong> Sanatsal atmosferi, galerileri, butikleri ve Pinacoteca di Brera sanat galerisi ile bilinen Brera'n\u0131n b\u00fcy\u00fcleyici sokaklar\u0131nda dola\u015f\u0131n.<\/li>\n<li><strong> La Scala Opera Binas\u0131 (Teatro alla Scala):<\/strong> D\u00fcnyan\u0131n en \u00fcnl\u00fc opera binalar\u0131ndan birinde rehberli bir tura kat\u0131l\u0131n veya f\u0131rsat\u0131n\u0131z varsa bir performansa kat\u0131l\u0131n.<\/li>\n<li><strong> Navigli B\u00f6lgesi:<\/strong> Milano'nun kanallar\u0131, hareketli gece hayat\u0131, sanat st\u00fcdyolar\u0131 ve restoranlar\u0131yla \u00fcnl\u00fc pitoresk kanal b\u00f6lgesi Navigli'yi ke\u015ffedin.<\/li>\n<li><strong> Sempione Park\u0131 (Parco Sempione):<\/strong> Castello Sforzesco yak\u0131n\u0131ndaki bu geni\u015f parkta dinlenin. Yava\u015f bir y\u00fcr\u00fcy\u00fc\u015f, piknik yapmak veya insanlar\u0131 izlemek i\u00e7in harika bir yerdir.<\/li>\n<li><strong> \u00c7in Mahallesi:<\/strong> Hareketli pazarlar\u0131, otantik \u00c7in restoranlar\u0131 ve k\u00fclt\u00fcrel etkinlikleriyle bilinen Milano'nun canl\u0131 \u00c7in Mahallesi'ni ke\u015ffedin.<\/li>\n<li><strong> Mutfak Lezzetleri:<\/strong> Risotto alla milanese, ossobuco ve panettone gibi Milano'nun mutfak spesiyalitelerinin tad\u0131na bak\u0131n. Gelato ve espresso ile kendinizi \u015f\u0131martmay\u0131 unutmay\u0131n.<\/li>\n<\/ol>\n<p><strong>\u00d6\u011frenciler i\u00e7in ipu\u00e7lar\u0131:<\/strong> Milano'dan Como G\u00f6l\u00fc, Garda G\u00f6l\u00fc veya orta\u00e7a\u011f kenti Bergamo gibi yak\u0131ndaki cazibe merkezlerine g\u00fcn\u00fcbirlik geziler yapmay\u0131 d\u00fc\u015f\u00fcn\u00fcn. Milano pahal\u0131 olabilir, bu nedenle \u00f6\u011frenci yurtlar\u0131, ortak daireler veya \u00fcniversite konutlar\u0131 gibi uygun fiyatl\u0131 konut se\u00e7eneklerini ara\u015ft\u0131r\u0131n. En iyi f\u0131rsatlar\u0131 yakalamak i\u00e7in araman\u0131za erken ba\u015flay\u0131n.<br \/>\n[\/et_pb_text][\/et_pb_column][\/et_pb_row][\/et_pb_section][et_pb_section fb_built=&#8221;1&#8243; admin_label=&#8221;Contact Form&#8221; module_id=&#8221;3&#8243; _builder_version=&#8221;4.23.1&#8243; _module_preset=&#8221;default&#8221; background_color=&#8221;rgba(12,113,195,0.17)&#8221; background_image=&#8221;https:\/\/www.parexstudy.it\/wp-content\/uploads\/2023\/03\/bg.png&#8221; custom_padding=&#8221;82px||82px|||&#8221; saved_tabs=&#8221;all&#8221; locked=&#8221;off&#8221; collapsed=&#8221;off&#8221; global_colors_info=&#8221;{}&#8221;][et_pb_row column_structure=&#8221;1_2,1_2&#8243; use_custom_gutter=&#8221;on&#8221; gutter_width=&#8221;1&#8243; make_equal=&#8221;on&#8221; _builder_version=&#8221;4.21.0&#8243; _module_preset=&#8221;default&#8221; custom_padding=&#8221;0px||0px|||&#8221; box_shadow_style=&#8221;preset1&#8243; box_shadow_horizontal=&#8221;-3px&#8221; box_shadow_vertical=&#8221;-1px&#8221; box_shadow_blur=&#8221;36px&#8221; box_shadow_spread=&#8221;-2px&#8221; box_shadow_color=&#8221;rgba(0,0,0,0.18)&#8221; global_colors_info=&#8221;{}&#8221;][et_pb_column type=&#8221;1_2&#8243; _builder_version=&#8221;4.21.0&#8243; _module_preset=&#8221;default&#8221; background_color=&#8221;gcid-4d171f29-f5cf-4a1b-99b0-2dc43983beb9&#8243; background_image=&#8221;https:\/\/www.parexstudy.it\/wp-content\/uploads\/2023\/04\/bg_black.png&#8221; background_position=&#8221;bottom_left&#8221; background_blend=&#8221;soft-light&#8221; custom_padding=&#8221;60px|60px|60px|60px|true|true&#8221; custom_padding_tablet=&#8221;30px|30px|30px|30px|true|true&#8221; custom_padding_phone=&#8221;20px|20px|20px|20px|true|true&#8221; custom_padding_last_edited=&#8221;on|desktop&#8221; box_shadow_style=&#8221;preset4&#8243; box_shadow_horizontal=&#8221;-7vw&#8221; box_shadow_vertical=&#8221;7vw&#8221; box_shadow_spread=&#8221;-6vw&#8221; box_shadow_color=&#8221;#000000&#8243; box_shadow_horizontal_tablet=&#8221;7vw&#8221; box_shadow_horizontal_phone=&#8221;&#8221; box_shadow_horizontal_last_edited=&#8221;on|tablet&#8221; box_shadow_vertical_tablet=&#8221;-7vw&#8221; box_shadow_vertical_phone=&#8221;&#8221; box_shadow_vertical_last_edited=&#8221;on|tablet&#8221; box_shadow_spread_tablet=&#8221;-5vw&#8221; box_shadow_spread_phone=&#8221;&#8221; box_shadow_spread_last_edited=&#8221;on|tablet&#8221; global_colors_info=&#8221;{%22gcid-4d171f29-f5cf-4a1b-99b0-2dc43983beb9%22:%91%22background_color%22%93}&#8221;][et_pb_text _builder_version=&#8221;4.23.1&#8243; _module_preset=&#8221;e6504a1b-67eb-4b3d-b023-bcab277610b6&#8243; header_4_font=&#8221;Nunito Sans|900||on|||||&#8221; header_4_text_color=&#8221;#000000&#8243; header_4_font_size=&#8221;14px&#8221; header_4_letter_spacing=&#8221;0.1em&#8221; header_4_line_height=&#8221;1.2em&#8221; custom_margin=&#8221;||0px||false|false&#8221; global_colors_info=&#8221;{}&#8221;]<\/p>\n<h4>Parexstudy<\/h4>\n<p>[\/et_pb_text][et_pb_text _builder_version=&#8221;4.23.1&#8243; _module_preset=&#8221;b327cbe4-b1d5-4b66-ad37-40c8f2f061ba&#8221; header_2_font=&#8221;Nunito Sans|900|||||||&#8221; header_2_font_size=&#8221;48px&#8221; header_2_line_height=&#8221;1.2em&#8221; background_layout=&#8221;dark&#8221; custom_margin=&#8221;||30px||false|false&#8221; header_2_font_size_tablet=&#8221;32px&#8221; header_2_font_size_phone=&#8221;20px&#8221; header_2_font_size_last_edited=&#8221;on|desktop&#8221; global_colors_info=&#8221;{}&#8221;]<\/p>\n<h2>Instituto Europeo di Design i\u00e7in Dan\u0131\u015fmanl\u0131k<\/h2>\n<p>[\/et_pb_text][et_pb_divider color=&#8221;#FFFFFF&#8221; divider_weight=&#8221;4px&#8221; _builder_version=&#8221;4.20.0&#8243; _module_preset=&#8221;default&#8221; width=&#8221;100px&#8221; locked=&#8221;off&#8221; global_colors_info=&#8221;{}&#8221;][\/et_pb_divider][et_pb_text _builder_version=&#8221;4.23.1&#8243; _module_preset=&#8221;1f09816e-184e-4ce5-a4cf-b39c52c423ca&#8221; text_font=&#8221;PT Sans||||||||&#8221; text_font_size=&#8221;16px&#8221; text_line_height=&#8221;1.4em&#8221; background_layout=&#8221;dark&#8221; custom_margin=&#8221;23px|||60px|false|false&#8221; custom_margin_tablet=&#8221;|||0px|false|false&#8221; custom_margin_phone=&#8221;|||0px|false|false&#8221; custom_margin_last_edited=&#8221;on|tablet&#8221; text_font_size_tablet=&#8221;15px&#8221; text_font_size_phone=&#8221;14px&#8221; text_font_size_last_edited=&#8221;on|phone&#8221; header_font_size_tablet=&#8221;55px&#8221; header_font_size_last_edited=&#8221;off|desktop&#8221; global_colors_info=&#8221;{}&#8221;]If you are interested in this university, please get in touch with us through the form. We will answer as soon as possible all your questions and provide you with any helpful information about departments, fees, accommodation, and scholarships. Go ahead!<br \/>\n[\/et_pb_text][\/et_pb_column][et_pb_column type=&#8221;1_2&#8243; _builder_version=&#8221;4.20.0&#8243; _module_preset=&#8221;default&#8221; background_color=&#8221;#FFFFFF&#8221; custom_padding=&#8221;60px|60px|60px|60px|true|true&#8221; custom_padding_tablet=&#8221;30px|30px|30px|30px|true|true&#8221; custom_padding_phone=&#8221;20px|20px|20px|20px|true|true&#8221; custom_padding_last_edited=&#8221;on|desktop&#8221; box_shadow_style=&#8221;preset4&#8243; box_shadow_horizontal=&#8221;7vw&#8221; box_shadow_vertical=&#8221;-7vw&#8221; box_shadow_spread=&#8221;-6vw&#8221; box_shadow_color=&#8221;#62baea&#8221; box_shadow_horizontal_tablet=&#8221;-7vw&#8221; box_shadow_horizontal_phone=&#8221;&#8221; box_shadow_horizontal_last_edited=&#8221;on|tablet&#8221; box_shadow_vertical_tablet=&#8221;7vw&#8221; box_shadow_vertical_phone=&#8221;&#8221; box_shadow_vertical_last_edited=&#8221;on|tablet&#8221; box_shadow_spread_tablet=&#8221;-5vw&#8221; box_shadow_spread_phone=&#8221;&#8221; box_shadow_spread_last_edited=&#8221;on|tablet&#8221; global_colors_info=&#8221;{%22gcid-4d171f29-f5cf-4a1b-99b0-2dc43983beb9%22:%91%22background_color%22%93}&#8221;][et_pb_contact_form captcha=&#8221;off&#8221; email=&#8221;info@parexstudy.it&#8221; custom_message=&#8221;Request Consulting from: Instituto Europeo di Design||et_pb_line_break_holder||Name: %%Name%%||et_pb_line_break_holder||Surname: %%Surname%%||et_pb_line_break_holder||Country and City: %%Country_and_City%%||et_pb_line_break_holder||Mobile: %%Mobile%%||et_pb_line_break_holder||Email: %%Email%%||et_pb_line_break_holder||Study: %%Study%%||et_pb_line_break_holder||In:%%In%%||et_pb_line_break_holder||Destination: %%Choose_destination%%||et_pb_line_break_holder||Message: %%Message%%&#8221; success_message=&#8221;Thank you for contacting us! Our team is already working on your request, and we will contact you very soon.&#8221; submit_button_text=&#8221;Request Consulting&#8221; _builder_version=&#8221;4.27.4&#8243; _module_preset=&#8221;5f451234-b662-41cf-8ad7-48c40d2afa7f&#8221; _unique_id=&#8221;b26c106f-b1cf-417b-95c3-bbf1f2ee1f3d&#8221; form_field_background_color=&#8221;RGBA(255,255,255,0)&#8221; form_field_text_color=&#8221;#000000&#8243; form_field_custom_padding=&#8221;|0px||0px|false|true&#8221; form_field_font=&#8221;Nunito Sans|700|||||||&#8221; form_field_line_height=&#8221;1.2em&#8221; custom_button=&#8221;on&#8221; button_text_size=&#8221;14px&#8221; button_text_color=&#8221;#FFFFFF&#8221; button_bg_color=&#8221;#62baea&#8221; button_border_width=&#8221;0px&#8221; button_border_radius=&#8221;0px&#8221; button_font=&#8221;Nunito Sans|900||on|||||&#8221; button_custom_padding=&#8221;16px|32px|16px|32px|true|true&#8221; hover_enabled=&#8221;0&#8243; border_color_all=&#8221;gcid-4d171f29-f5cf-4a1b-99b0-2dc43983beb9&#8243; border_width_bottom=&#8221;2px&#8221; locked=&#8221;off&#8221; global_colors_info=&#8221;{%22gcid-4d171f29-f5cf-4a1b-99b0-2dc43983beb9%22:%91%22border_color_all%22%93}&#8221; sticky_enabled=&#8221;0&#8243;][et_pb_contact_field field_id=&#8221;Name&#8221; field_title=&#8221;Name&#8221; fullwidth_field=&#8221;on&#8221; _builder_version=&#8221;4.16&#8243; _module_preset=&#8221;default&#8221; global_colors_info=&#8221;{}&#8221; button_text_size__hover_enabled=&#8221;off&#8221; button_one_text_size__hover_enabled=&#8221;off&#8221; button_two_text_size__hover_enabled=&#8221;off&#8221; button_text_color__hover_enabled=&#8221;off&#8221; button_one_text_color__hover_enabled=&#8221;off&#8221; button_two_text_color__hover_enabled=&#8221;off&#8221; button_border_width__hover_enabled=&#8221;off&#8221; button_one_border_width__hover_enabled=&#8221;off&#8221; button_two_border_width__hover_enabled=&#8221;off&#8221; button_border_color__hover_enabled=&#8221;off&#8221; button_one_border_color__hover_enabled=&#8221;off&#8221; button_two_border_color__hover_enabled=&#8221;off&#8221; button_border_radius__hover_enabled=&#8221;off&#8221; button_one_border_radius__hover_enabled=&#8221;off&#8221; button_two_border_radius__hover_enabled=&#8221;off&#8221; button_letter_spacing__hover_enabled=&#8221;off&#8221; button_one_letter_spacing__hover_enabled=&#8221;off&#8221; button_two_letter_spacing__hover_enabled=&#8221;off&#8221; button_bg_color__hover_enabled=&#8221;off&#8221; button_one_bg_color__hover_enabled=&#8221;off&#8221; button_two_bg_color__hover_enabled=&#8221;off&#8221;][\/et_pb_contact_field][et_pb_contact_field field_id=&#8221;Surname&#8221; field_title=&#8221;Surname&#8221; fullwidth_field=&#8221;on&#8221; _builder_version=&#8221;4.20.0&#8243; _module_preset=&#8221;default&#8221; global_colors_info=&#8221;{}&#8221; button_text_size__hover_enabled=&#8221;off&#8221; button_one_text_size__hover_enabled=&#8221;off&#8221; button_two_text_size__hover_enabled=&#8221;off&#8221; button_text_color__hover_enabled=&#8221;off&#8221; button_one_text_color__hover_enabled=&#8221;off&#8221; button_two_text_color__hover_enabled=&#8221;off&#8221; button_border_width__hover_enabled=&#8221;off&#8221; button_one_border_width__hover_enabled=&#8221;off&#8221; button_two_border_width__hover_enabled=&#8221;off&#8221; button_border_color__hover_enabled=&#8221;off&#8221; button_one_border_color__hover_enabled=&#8221;off&#8221; button_two_border_color__hover_enabled=&#8221;off&#8221; button_border_radius__hover_enabled=&#8221;off&#8221; button_one_border_radius__hover_enabled=&#8221;off&#8221; button_two_border_radius__hover_enabled=&#8221;off&#8221; button_letter_spacing__hover_enabled=&#8221;off&#8221; button_one_letter_spacing__hover_enabled=&#8221;off&#8221; button_two_letter_spacing__hover_enabled=&#8221;off&#8221; button_bg_color__hover_enabled=&#8221;off&#8221; button_one_bg_color__hover_enabled=&#8221;off&#8221; button_two_bg_color__hover_enabled=&#8221;off&#8221;][\/et_pb_contact_field][et_pb_contact_field field_id=&#8221;Country_and_City&#8221; field_title=&#8221;Country and City&#8221; fullwidth_field=&#8221;on&#8221; _builder_version=&#8221;4.21.0&#8243; _module_preset=&#8221;default&#8221; global_colors_info=&#8221;{}&#8221; button_text_size__hover_enabled=&#8221;off&#8221; button_one_text_size__hover_enabled=&#8221;off&#8221; button_two_text_size__hover_enabled=&#8221;off&#8221; button_text_color__hover_enabled=&#8221;off&#8221; button_one_text_color__hover_enabled=&#8221;off&#8221; button_two_text_color__hover_enabled=&#8221;off&#8221; button_border_width__hover_enabled=&#8221;off&#8221; button_one_border_width__hover_enabled=&#8221;off&#8221; button_two_border_width__hover_enabled=&#8221;off&#8221; button_border_color__hover_enabled=&#8221;off&#8221; button_one_border_color__hover_enabled=&#8221;off&#8221; button_two_border_color__hover_enabled=&#8221;off&#8221; button_border_radius__hover_enabled=&#8221;off&#8221; button_one_border_radius__hover_enabled=&#8221;off&#8221; button_two_border_radius__hover_enabled=&#8221;off&#8221; button_letter_spacing__hover_enabled=&#8221;off&#8221; button_one_letter_spacing__hover_enabled=&#8221;off&#8221; button_two_letter_spacing__hover_enabled=&#8221;off&#8221; button_bg_color__hover_enabled=&#8221;off&#8221; button_one_bg_color__hover_enabled=&#8221;off&#8221; button_two_bg_color__hover_enabled=&#8221;off&#8221;][\/et_pb_contact_field][et_pb_contact_field field_id=&#8221;Mobile&#8221; field_title=&#8221;Mobile&#8221; required_mark=&#8221;off&#8221; fullwidth_field=&#8221;on&#8221; _builder_version=&#8221;4.21.0&#8243; _module_preset=&#8221;default&#8221; global_colors_info=&#8221;{}&#8221;][\/et_pb_contact_field][et_pb_contact_field field_id=&#8221;Email&#8221; field_title=&#8221;Email Address&#8221; field_type=&#8221;email&#8221; fullwidth_field=&#8221;on&#8221; _builder_version=&#8221;4.20.0&#8243; _module_preset=&#8221;default&#8221; global_colors_info=&#8221;{}&#8221; button_text_size__hover_enabled=&#8221;off&#8221; button_one_text_size__hover_enabled=&#8221;off&#8221; button_two_text_size__hover_enabled=&#8221;off&#8221; button_text_color__hover_enabled=&#8221;off&#8221; button_one_text_color__hover_enabled=&#8221;off&#8221; button_two_text_color__hover_enabled=&#8221;off&#8221; button_border_width__hover_enabled=&#8221;off&#8221; button_one_border_width__hover_enabled=&#8221;off&#8221; button_two_border_width__hover_enabled=&#8221;off&#8221; button_border_color__hover_enabled=&#8221;off&#8221; button_one_border_color__hover_enabled=&#8221;off&#8221; button_two_border_color__hover_enabled=&#8221;off&#8221; button_border_radius__hover_enabled=&#8221;off&#8221; button_one_border_radius__hover_enabled=&#8221;off&#8221; button_two_border_radius__hover_enabled=&#8221;off&#8221; button_letter_spacing__hover_enabled=&#8221;off&#8221; button_one_letter_spacing__hover_enabled=&#8221;off&#8221; button_two_letter_spacing__hover_enabled=&#8221;off&#8221; button_bg_color__hover_enabled=&#8221;off&#8221; button_one_bg_color__hover_enabled=&#8221;off&#8221; button_two_bg_color__hover_enabled=&#8221;off&#8221;][\/et_pb_contact_field][et_pb_contact_field field_id=&#8221;Study&#8221; field_title=&#8221;I have:&#8221; field_type=&#8221;select&#8221; select_options=&#8221;%91{%22value%22:%22Diploma Certificate%22,%22checked%22:0,%22dragID%22:-1},{%22value%22:%22Bachelor Degree%22,%22checked%22:0,%22dragID%22:0},{%22value%22:%22Master Degree%22,%22checked%22:0,%22dragID%22:1}%93&#8243; fullwidth_field=&#8221;on&#8221; _builder_version=&#8221;4.23.1&#8243; _module_preset=&#8221;default&#8221; global_colors_info=&#8221;{}&#8221;][\/et_pb_contact_field][et_pb_contact_field field_id=&#8221;In&#8221; field_title=&#8221;In (field of study)&#8221; fullwidth_field=&#8221;on&#8221; _builder_version=&#8221;4.23.1&#8243; _module_preset=&#8221;default&#8221; global_colors_info=&#8221;{}&#8221;][\/et_pb_contact_field][et_pb_contact_field field_id=&#8221;Message&#8221; field_title=&#8221;Your Message&#8221; field_type=&#8221;text&#8221; fullwidth_field=&#8221;on&#8221; _builder_version=&#8221;4.21.0&#8243; _module_preset=&#8221;default&#8221; global_colors_info=&#8221;{}&#8221; button_text_size__hover_enabled=&#8221;off&#8221; button_one_text_size__hover_enabled=&#8221;off&#8221; button_two_text_size__hover_enabled=&#8221;off&#8221; button_text_color__hover_enabled=&#8221;off&#8221; button_one_text_color__hover_enabled=&#8221;off&#8221; button_two_text_color__hover_enabled=&#8221;off&#8221; button_border_width__hover_enabled=&#8221;off&#8221; button_one_border_width__hover_enabled=&#8221;off&#8221; button_two_border_width__hover_enabled=&#8221;off&#8221; button_border_color__hover_enabled=&#8221;off&#8221; button_one_border_color__hover_enabled=&#8221;off&#8221; button_two_border_color__hover_enabled=&#8221;off&#8221; button_border_radius__hover_enabled=&#8221;off&#8221; button_one_border_radius__hover_enabled=&#8221;off&#8221; button_two_border_radius__hover_enabled=&#8221;off&#8221; button_letter_spacing__hover_enabled=&#8221;off&#8221; button_one_letter_spacing__hover_enabled=&#8221;off&#8221; button_two_letter_spacing__hover_enabled=&#8221;off&#8221; button_bg_color__hover_enabled=&#8221;off&#8221; button_one_bg_color__hover_enabled=&#8221;off&#8221; button_two_bg_color__hover_enabled=&#8221;off&#8221;][\/et_pb_contact_field][et_pb_contact_field field_id=&#8221;Privacy_Policy&#8221; field_title=&#8221;Privacy_Policy&#8221; field_type=&#8221;radio&#8221; radio_options=&#8221;%91{%22value%22:%22I have read the privacy policy and consent to the storage of my data in your archive as established by the European regulation for the protection of personal data n. 679\/2016, GDPR. %22,%22checked%22:0,%22dragID%22:-1,%22link_url%22:%22https:\/\/www.parexstudy.it\/privacy-policy\/%22,%22link_text%22:%22Click%22}%93&#8243; fullwidth_field=&#8221;on&#8221; _builder_version=&#8221;4.23.1&#8243; _module_preset=&#8221;default&#8221; global_colors_info=&#8221;{}&#8221;][\/et_pb_contact_field][\/et_pb_contact_form][\/et_pb_column][\/et_pb_row][\/et_pb_section]<\/p>","protected":false},"excerpt":{"rendered":"<p><i class=\"fas fa-map-marker-alt\"><\/i> Lisans - Y\u00fcksek Lisans - Haz\u0131rl\u0131k Y\u0131l\u0131<br \/>\n<i class=\"fa-solid fa-building-columns\"><\/i> Animasyon3D - Sanat - Tasar\u0131m - Moda - Video - Ses<\/p>","protected":false},"featured_media":22522,"comment_status":"closed","ping_status":"closed","template":"","meta":{"_et_pb_use_builder":"on","_et_pb_old_content":"The University of Verona, known as \"Universit\u00e0 degli Studi di Verona\" in Italian, is a distinguished institution of higher education located in the picturesque city of Verona, Italy. The University of Verona was established in 1982, making it one of Italy's newer universities. However, its roots can be traced back to the 16th century when the Accademia Filarmonica, an academic and cultural institution, was founded in Verona. The university's relatively recent establishment reflects its commitment to modern education and research.\r\nThe university offers a wide range of academic disciplines, spanning from the arts and humanities to the sciences and engineering. This multidisciplinary approach allows students to explore diverse fields of study.\r\nThe University of Verona is actively involved in research activities and collaborations. It has numerous research centers and institutes that focus on various areas, contributing to scientific advancements and innovation.\r\nGiven its international appeal, the university provides language courses, including Italian courses for international students, to facilitate their integration into the academic and social life of Verona.\r\nThe university has invested in modern facilities, including state-of-the-art laboratories, libraries, and technology-equipped classrooms, to enhance the learning experience for students.\r\nThe University of Verona attracts a substantial number of international students and researchers from around the world, promoting cultural exchange and global perspectives.\r\nVerona, with its historical architecture, ancient ruins, and cultural events, provides an inspiring backdrop for students pursuing their academic goals. It is also famous for its association with Shakespeare's \"Romeo and Juliet.\"\r\nThe university encourages an entrepreneurial spirit among its students and faculty, fostering innovation and startup initiatives in various fields.\r\nVerona itself is a UNESCO World Heritage Site, and the university is actively involved in preserving and promoting the city's cultural heritage through various initiatives and partnerships.\r\nThe university offers a vibrant student life with numerous clubs, societies, and cultural events, ensuring that students have opportunities to engage in extracurricular activities and make the most of their time in Verona.","_et_gb_content_width":""},"product_brand":[],"product_cat":[145],"product_tag":[122],"class_list":{"0":"post-22502","1":"product","2":"type-product","3":"status-publish","4":"has-post-thumbnail","6":"product_cat-fashiondesign","7":"product_tag-milan","9":"first","10":"instock","11":"shipping-taxable","12":"product-type-variable"},"yoast_head":"<!-- This site is optimized with the Yoast SEO plugin v25.9 - https:\/\/yoast.com\/wordpress\/plugins\/seo\/ -->\n<title>Instituto Europeo di Design, Milan - Parexstudy | study design in italy<\/title>\n<meta name=\"description\" content=\"The Instituto Europeo di Design, commonly known as IED, is a private design school with campuses in various cities across Europe and South America.\" \/>\n<meta name=\"robots\" content=\"index, follow, max-snippet:-1, max-image-preview:large, max-video-preview:-1\" \/>\n<link rel=\"canonical\" href=\"https:\/\/www.parexstudy.it\/tr\/enstitu\/instituto-europeo-di-design-milan\/\" \/>\n<meta property=\"og:locale\" content=\"tr_TR\" \/>\n<meta property=\"og:type\" content=\"article\" \/>\n<meta property=\"og:title\" content=\"Instituto Europeo di Design, Milan - Parexstudy | study design in italy\" \/>\n<meta property=\"og:description\" content=\"The Instituto Europeo di Design, commonly known as IED, is a private design school with campuses in various cities across Europe and South America.\" \/>\n<meta property=\"og:url\" content=\"https:\/\/www.parexstudy.it\/tr\/enstitu\/instituto-europeo-di-design-milan\/\" \/>\n<meta property=\"og:site_name\" content=\"Parexstudy\" \/>\n<meta property=\"article:modified_time\" content=\"2025-03-12T10:13:14+00:00\" \/>\n<meta property=\"og:image\" content=\"https:\/\/www.parexstudy.it\/wp-content\/uploads\/2024\/01\/museo-del-design-italiano_img-__alessandro-saletta-e-delfino-sisto-legnani-dsl-studio_07a5474-_75d14da2c6b86f347c397be3699f2c82.jpg\" \/>\n\t<meta property=\"og:image:width\" content=\"1600\" \/>\n\t<meta property=\"og:image:height\" content=\"900\" \/>\n\t<meta property=\"og:image:type\" content=\"image\/jpeg\" \/>\n<meta name=\"twitter:card\" content=\"summary_large_image\" \/>\n<meta name=\"twitter:label1\" content=\"Tahmini okuma s\u00fcresi\" \/>\n\t<meta name=\"twitter:data1\" content=\"5 dakika\" \/>\n<script type=\"application\/ld+json\" class=\"yoast-schema-graph\">{\"@context\":\"https:\/\/schema.org\",\"@graph\":[{\"@type\":\"WebPage\",\"@id\":\"https:\/\/www.parexstudy.it\/ru\/%d0%b8%d0%bd%d1%81%d1%82%d0%b8%d1%82%d1%83%d1%82\/%d0%b5%d0%b2%d1%80%d0%be%d0%bf%d0%b5%d0%b9%d1%81%d0%ba%d0%b8%d0%b9-%d0%b8%d0%bd%d1%81%d1%82%d0%b8%d1%82%d1%83%d1%82-%d0%b4%d0%b8%d0%b7%d0%b0%d0%b9%d0%bd%d0%b0-%d0%b2-%d0%bc%d0%b8%d0%bb%d0%b0%d0%bd\/\",\"url\":\"https:\/\/www.parexstudy.it\/ru\/%d0%b8%d0%bd%d1%81%d1%82%d0%b8%d1%82%d1%83%d1%82\/%d0%b5%d0%b2%d1%80%d0%be%d0%bf%d0%b5%d0%b9%d1%81%d0%ba%d0%b8%d0%b9-%d0%b8%d0%bd%d1%81%d1%82%d0%b8%d1%82%d1%83%d1%82-%d0%b4%d0%b8%d0%b7%d0%b0%d0%b9%d0%bd%d0%b0-%d0%b2-%d0%bc%d0%b8%d0%bb%d0%b0%d0%bd\/\",\"name\":\"Instituto Europeo di Design, Milan - Parexstudy | study design in italy\",\"isPartOf\":{\"@id\":\"https:\/\/www.parexstudy.it\/#website\"},\"primaryImageOfPage\":{\"@id\":\"https:\/\/www.parexstudy.it\/ru\/%d0%b8%d0%bd%d1%81%d1%82%d0%b8%d1%82%d1%83%d1%82\/%d0%b5%d0%b2%d1%80%d0%be%d0%bf%d0%b5%d0%b9%d1%81%d0%ba%d0%b8%d0%b9-%d0%b8%d0%bd%d1%81%d1%82%d0%b8%d1%82%d1%83%d1%82-%d0%b4%d0%b8%d0%b7%d0%b0%d0%b9%d0%bd%d0%b0-%d0%b2-%d0%bc%d0%b8%d0%bb%d0%b0%d0%bd\/#primaryimage\"},\"image\":{\"@id\":\"https:\/\/www.parexstudy.it\/ru\/%d0%b8%d0%bd%d1%81%d1%82%d0%b8%d1%82%d1%83%d1%82\/%d0%b5%d0%b2%d1%80%d0%be%d0%bf%d0%b5%d0%b9%d1%81%d0%ba%d0%b8%d0%b9-%d0%b8%d0%bd%d1%81%d1%82%d0%b8%d1%82%d1%83%d1%82-%d0%b4%d0%b8%d0%b7%d0%b0%d0%b9%d0%bd%d0%b0-%d0%b2-%d0%bc%d0%b8%d0%bb%d0%b0%d0%bd\/#primaryimage\"},\"thumbnailUrl\":\"https:\/\/www.parexstudy.it\/wp-content\/uploads\/2024\/01\/museo-del-design-italiano_img-__alessandro-saletta-e-delfino-sisto-legnani-dsl-studio_07a5474-_75d14da2c6b86f347c397be3699f2c82.jpg\",\"datePublished\":\"2024-01-12T08:46:22+00:00\",\"dateModified\":\"2025-03-12T10:13:14+00:00\",\"description\":\"The Instituto Europeo di Design, commonly known as IED, is a private design school with campuses in various cities across Europe and South America.\",\"breadcrumb\":{\"@id\":\"https:\/\/www.parexstudy.it\/ru\/%d0%b8%d0%bd%d1%81%d1%82%d0%b8%d1%82%d1%83%d1%82\/%d0%b5%d0%b2%d1%80%d0%be%d0%bf%d0%b5%d0%b9%d1%81%d0%ba%d0%b8%d0%b9-%d0%b8%d0%bd%d1%81%d1%82%d0%b8%d1%82%d1%83%d1%82-%d0%b4%d0%b8%d0%b7%d0%b0%d0%b9%d0%bd%d0%b0-%d0%b2-%d0%bc%d0%b8%d0%bb%d0%b0%d0%bd\/#breadcrumb\"},\"inLanguage\":\"tr\",\"potentialAction\":[{\"@type\":\"ReadAction\",\"target\":[\"https:\/\/www.parexstudy.it\/ru\/%d0%b8%d0%bd%d1%81%d1%82%d0%b8%d1%82%d1%83%d1%82\/%d0%b5%d0%b2%d1%80%d0%be%d0%bf%d0%b5%d0%b9%d1%81%d0%ba%d0%b8%d0%b9-%d0%b8%d0%bd%d1%81%d1%82%d0%b8%d1%82%d1%83%d1%82-%d0%b4%d0%b8%d0%b7%d0%b0%d0%b9%d0%bd%d0%b0-%d0%b2-%d0%bc%d0%b8%d0%bb%d0%b0%d0%bd\/\"]}]},{\"@type\":\"ImageObject\",\"inLanguage\":\"tr\",\"@id\":\"https:\/\/www.parexstudy.it\/ru\/%d0%b8%d0%bd%d1%81%d1%82%d0%b8%d1%82%d1%83%d1%82\/%d0%b5%d0%b2%d1%80%d0%be%d0%bf%d0%b5%d0%b9%d1%81%d0%ba%d0%b8%d0%b9-%d0%b8%d0%bd%d1%81%d1%82%d0%b8%d1%82%d1%83%d1%82-%d0%b4%d0%b8%d0%b7%d0%b0%d0%b9%d0%bd%d0%b0-%d0%b2-%d0%bc%d0%b8%d0%bb%d0%b0%d0%bd\/#primaryimage\",\"url\":\"https:\/\/www.parexstudy.it\/wp-content\/uploads\/2024\/01\/museo-del-design-italiano_img-__alessandro-saletta-e-delfino-sisto-legnani-dsl-studio_07a5474-_75d14da2c6b86f347c397be3699f2c82.jpg\",\"contentUrl\":\"https:\/\/www.parexstudy.it\/wp-content\/uploads\/2024\/01\/museo-del-design-italiano_img-__alessandro-saletta-e-delfino-sisto-legnani-dsl-studio_07a5474-_75d14da2c6b86f347c397be3699f2c82.jpg\",\"width\":1600,\"height\":900},{\"@type\":\"BreadcrumbList\",\"@id\":\"https:\/\/www.parexstudy.it\/ru\/%d0%b8%d0%bd%d1%81%d1%82%d0%b8%d1%82%d1%83%d1%82\/%d0%b5%d0%b2%d1%80%d0%be%d0%bf%d0%b5%d0%b9%d1%81%d0%ba%d0%b8%d0%b9-%d0%b8%d0%bd%d1%81%d1%82%d0%b8%d1%82%d1%83%d1%82-%d0%b4%d0%b8%d0%b7%d0%b0%d0%b9%d0%bd%d0%b0-%d0%b2-%d0%bc%d0%b8%d0%bb%d0%b0%d0%bd\/#breadcrumb\",\"itemListElement\":[{\"@type\":\"ListItem\",\"position\":1,\"name\":\"Home\",\"item\":\"https:\/\/www.parexstudy.it\/\"},{\"@type\":\"ListItem\",\"position\":2,\"name\":\"\u00dcr\u00fcnler\",\"item\":\"https:\/\/www.parexstudy.it\/tr\/dukkan\/\"},{\"@type\":\"ListItem\",\"position\":3,\"name\":\"Instituto Europeo di Design, Milan\"}]},{\"@type\":\"WebSite\",\"@id\":\"https:\/\/www.parexstudy.it\/#website\",\"url\":\"https:\/\/www.parexstudy.it\/\",\"name\":\"Parexstudy\",\"description\":\"Study, discover, love\",\"potentialAction\":[{\"@type\":\"SearchAction\",\"target\":{\"@type\":\"EntryPoint\",\"urlTemplate\":\"https:\/\/www.parexstudy.it\/?s={search_term_string}\"},\"query-input\":{\"@type\":\"PropertyValueSpecification\",\"valueRequired\":true,\"valueName\":\"search_term_string\"}}],\"inLanguage\":\"tr\"}]}<\/script>\n<!-- \/ Yoast SEO plugin. -->","yoast_head_json":{"title":"Instituto Europeo di Design, Milano - Parexstudy | \u0130talya'da \u00e7al\u0131\u015fma tasar\u0131m\u0131","description":"Genellikle IED olarak bilinen Instituto Europeo di Design, Avrupa ve G\u00fcney Amerika'n\u0131n \u00e7e\u015fitli \u015fehirlerinde kamp\u00fcsleri bulunan \u00f6zel bir tasar\u0131m okuludur.","robots":{"index":"index","follow":"follow","max-snippet":"max-snippet:-1","max-image-preview":"max-image-preview:large","max-video-preview":"max-video-preview:-1"},"canonical":"https:\/\/www.parexstudy.it\/tr\/enstitu\/instituto-europeo-di-design-milan\/","og_locale":"tr_TR","og_type":"article","og_title":"Instituto Europeo di Design, Milan - Parexstudy | study design in italy","og_description":"The Instituto Europeo di Design, commonly known as IED, is a private design school with campuses in various cities across Europe and South America.","og_url":"https:\/\/www.parexstudy.it\/tr\/enstitu\/instituto-europeo-di-design-milan\/","og_site_name":"Parexstudy","article_modified_time":"2025-03-12T10:13:14+00:00","og_image":[{"width":1600,"height":900,"url":"https:\/\/www.parexstudy.it\/wp-content\/uploads\/2024\/01\/museo-del-design-italiano_img-__alessandro-saletta-e-delfino-sisto-legnani-dsl-studio_07a5474-_75d14da2c6b86f347c397be3699f2c82.jpg","type":"image\/jpeg"}],"twitter_card":"summary_large_image","twitter_misc":{"Tahmini okuma s\u00fcresi":"5 dakika"},"schema":{"@context":"https:\/\/schema.org","@graph":[{"@type":"WebPage","@id":"https:\/\/www.parexstudy.it\/ru\/%d0%b8%d0%bd%d1%81%d1%82%d0%b8%d1%82%d1%83%d1%82\/%d0%b5%d0%b2%d1%80%d0%be%d0%bf%d0%b5%d0%b9%d1%81%d0%ba%d0%b8%d0%b9-%d0%b8%d0%bd%d1%81%d1%82%d0%b8%d1%82%d1%83%d1%82-%d0%b4%d0%b8%d0%b7%d0%b0%d0%b9%d0%bd%d0%b0-%d0%b2-%d0%bc%d0%b8%d0%bb%d0%b0%d0%bd\/","url":"https:\/\/www.parexstudy.it\/ru\/%d0%b8%d0%bd%d1%81%d1%82%d0%b8%d1%82%d1%83%d1%82\/%d0%b5%d0%b2%d1%80%d0%be%d0%bf%d0%b5%d0%b9%d1%81%d0%ba%d0%b8%d0%b9-%d0%b8%d0%bd%d1%81%d1%82%d0%b8%d1%82%d1%83%d1%82-%d0%b4%d0%b8%d0%b7%d0%b0%d0%b9%d0%bd%d0%b0-%d0%b2-%d0%bc%d0%b8%d0%bb%d0%b0%d0%bd\/","name":"Instituto Europeo di Design, Milano - Parexstudy | \u0130talya'da \u00e7al\u0131\u015fma tasar\u0131m\u0131","isPartOf":{"@id":"https:\/\/www.parexstudy.it\/#website"},"primaryImageOfPage":{"@id":"https:\/\/www.parexstudy.it\/ru\/%d0%b8%d0%bd%d1%81%d1%82%d0%b8%d1%82%d1%83%d1%82\/%d0%b5%d0%b2%d1%80%d0%be%d0%bf%d0%b5%d0%b9%d1%81%d0%ba%d0%b8%d0%b9-%d0%b8%d0%bd%d1%81%d1%82%d0%b8%d1%82%d1%83%d1%82-%d0%b4%d0%b8%d0%b7%d0%b0%d0%b9%d0%bd%d0%b0-%d0%b2-%d0%bc%d0%b8%d0%bb%d0%b0%d0%bd\/#primaryimage"},"image":{"@id":"https:\/\/www.parexstudy.it\/ru\/%d0%b8%d0%bd%d1%81%d1%82%d0%b8%d1%82%d1%83%d1%82\/%d0%b5%d0%b2%d1%80%d0%be%d0%bf%d0%b5%d0%b9%d1%81%d0%ba%d0%b8%d0%b9-%d0%b8%d0%bd%d1%81%d1%82%d0%b8%d1%82%d1%83%d1%82-%d0%b4%d0%b8%d0%b7%d0%b0%d0%b9%d0%bd%d0%b0-%d0%b2-%d0%bc%d0%b8%d0%bb%d0%b0%d0%bd\/#primaryimage"},"thumbnailUrl":"https:\/\/www.parexstudy.it\/wp-content\/uploads\/2024\/01\/museo-del-design-italiano_img-__alessandro-saletta-e-delfino-sisto-legnani-dsl-studio_07a5474-_75d14da2c6b86f347c397be3699f2c82.jpg","datePublished":"2024-01-12T08:46:22+00:00","dateModified":"2025-03-12T10:13:14+00:00","description":"Genellikle IED olarak bilinen Instituto Europeo di Design, Avrupa ve G\u00fcney Amerika'n\u0131n \u00e7e\u015fitli \u015fehirlerinde kamp\u00fcsleri bulunan \u00f6zel bir tasar\u0131m okuludur.","breadcrumb":{"@id":"https:\/\/www.parexstudy.it\/ru\/%d0%b8%d0%bd%d1%81%d1%82%d0%b8%d1%82%d1%83%d1%82\/%d0%b5%d0%b2%d1%80%d0%be%d0%bf%d0%b5%d0%b9%d1%81%d0%ba%d0%b8%d0%b9-%d0%b8%d0%bd%d1%81%d1%82%d0%b8%d1%82%d1%83%d1%82-%d0%b4%d0%b8%d0%b7%d0%b0%d0%b9%d0%bd%d0%b0-%d0%b2-%d0%bc%d0%b8%d0%bb%d0%b0%d0%bd\/#breadcrumb"},"inLanguage":"tr","potentialAction":[{"@type":"ReadAction","target":["https:\/\/www.parexstudy.it\/ru\/%d0%b8%d0%bd%d1%81%d1%82%d0%b8%d1%82%d1%83%d1%82\/%d0%b5%d0%b2%d1%80%d0%be%d0%bf%d0%b5%d0%b9%d1%81%d0%ba%d0%b8%d0%b9-%d0%b8%d0%bd%d1%81%d1%82%d0%b8%d1%82%d1%83%d1%82-%d0%b4%d0%b8%d0%b7%d0%b0%d0%b9%d0%bd%d0%b0-%d0%b2-%d0%bc%d0%b8%d0%bb%d0%b0%d0%bd\/"]}]},{"@type":"ImageObject","inLanguage":"tr","@id":"https:\/\/www.parexstudy.it\/ru\/%d0%b8%d0%bd%d1%81%d1%82%d0%b8%d1%82%d1%83%d1%82\/%d0%b5%d0%b2%d1%80%d0%be%d0%bf%d0%b5%d0%b9%d1%81%d0%ba%d0%b8%d0%b9-%d0%b8%d0%bd%d1%81%d1%82%d0%b8%d1%82%d1%83%d1%82-%d0%b4%d0%b8%d0%b7%d0%b0%d0%b9%d0%bd%d0%b0-%d0%b2-%d0%bc%d0%b8%d0%bb%d0%b0%d0%bd\/#primaryimage","url":"https:\/\/www.parexstudy.it\/wp-content\/uploads\/2024\/01\/museo-del-design-italiano_img-__alessandro-saletta-e-delfino-sisto-legnani-dsl-studio_07a5474-_75d14da2c6b86f347c397be3699f2c82.jpg","contentUrl":"https:\/\/www.parexstudy.it\/wp-content\/uploads\/2024\/01\/museo-del-design-italiano_img-__alessandro-saletta-e-delfino-sisto-legnani-dsl-studio_07a5474-_75d14da2c6b86f347c397be3699f2c82.jpg","width":1600,"height":900},{"@type":"BreadcrumbList","@id":"https:\/\/www.parexstudy.it\/ru\/%d0%b8%d0%bd%d1%81%d1%82%d0%b8%d1%82%d1%83%d1%82\/%d0%b5%d0%b2%d1%80%d0%be%d0%bf%d0%b5%d0%b9%d1%81%d0%ba%d0%b8%d0%b9-%d0%b8%d0%bd%d1%81%d1%82%d0%b8%d1%82%d1%83%d1%82-%d0%b4%d0%b8%d0%b7%d0%b0%d0%b9%d0%bd%d0%b0-%d0%b2-%d0%bc%d0%b8%d0%bb%d0%b0%d0%bd\/#breadcrumb","itemListElement":[{"@type":"ListItem","position":1,"name":"Home","item":"https:\/\/www.parexstudy.it\/"},{"@type":"ListItem","position":2,"name":"\u00dcr\u00fcnler","item":"https:\/\/www.parexstudy.it\/tr\/dukkan\/"},{"@type":"ListItem","position":3,"name":"Instituto Europeo di Design, Milan"}]},{"@type":"WebSite","@id":"https:\/\/www.parexstudy.it\/#website","url":"https:\/\/www.parexstudy.it\/","name":"Parexstudy","description":"\u00d6\u011fren, Ke\u015ffet, Sev","potentialAction":[{"@type":"SearchAction","target":{"@type":"EntryPoint","urlTemplate":"https:\/\/www.parexstudy.it\/?s={search_term_string}"},"query-input":{"@type":"PropertyValueSpecification","valueRequired":true,"valueName":"search_term_string"}}],"inLanguage":"tr"}]}},"_links":{"self":[{"href":"https:\/\/www.parexstudy.it\/tr\/wp-json\/wp\/v2\/product\/22502","targetHints":{"allow":["GET"]}}],"collection":[{"href":"https:\/\/www.parexstudy.it\/tr\/wp-json\/wp\/v2\/product"}],"about":[{"href":"https:\/\/www.parexstudy.it\/tr\/wp-json\/wp\/v2\/types\/product"}],"replies":[{"embeddable":true,"href":"https:\/\/www.parexstudy.it\/tr\/wp-json\/wp\/v2\/comments?post=22502"}],"wp:featuredmedia":[{"embeddable":true,"href":"https:\/\/www.parexstudy.it\/tr\/wp-json\/wp\/v2\/media\/22522"}],"wp:attachment":[{"href":"https:\/\/www.parexstudy.it\/tr\/wp-json\/wp\/v2\/media?parent=22502"}],"wp:term":[{"taxonomy":"product_brand","embeddable":true,"href":"https:\/\/www.parexstudy.it\/tr\/wp-json\/wp\/v2\/product_brand?post=22502"},{"taxonomy":"product_cat","embeddable":true,"href":"https:\/\/www.parexstudy.it\/tr\/wp-json\/wp\/v2\/product_cat?post=22502"},{"taxonomy":"product_tag","embeddable":true,"href":"https:\/\/www.parexstudy.it\/tr\/wp-json\/wp\/v2\/product_tag?post=22502"}],"curies":[{"name":"wp","href":"https:\/\/api.w.org\/{rel}","templated":true}]}}